{"id":81,"date":"2021-01-19T09:18:24","date_gmt":"2021-01-19T08:18:24","guid":{"rendered":"http:\/\/gabeaumo.cluster005.ovh.net\/lycmet\/?page_id=81"},"modified":"2021-03-13T16:15:24","modified_gmt":"2021-03-13T15:15:24","slug":"menuisier-agenceur","status":"publish","type":"page","link":"http:\/\/gabeaumo.cluster005.ovh.net\/lycmet\/menuisier-agenceur\/","title":{"rendered":"Menuisier agenceur"},"content":{"rendered":"\n<div class=\"wp-block-buttons is-layout-flex wp-block-buttons-is-layout-flex\">\n<div class=\"wp-block-button has-custom-width wp-block-button__width-100\"><a class=\"wp-block-button__link has-white-color has-vivid-red-background-color has-text-color has-background no-border-radius\" href=\"https:\/\/docs.google.com\/forms\/d\/e\/1FAIpQLScxfwsfN1Xp42lojDvsOAu2yB7VVQ0u7HJWyflR1lB5QdHn7g\/viewform\" target=\"_blank\" rel=\"noreferrer noopener\">Prendre RDV au lyc\u00e9e avec un enseignant et d\u00e9couvrir la formation. Cliquer ici !!!<\/a><\/div>\n<\/div>\n\n\n\n<div class=\"wp-block-buttons is-layout-flex wp-block-buttons-is-layout-flex\">\n<div class=\"wp-block-button\"><a class=\"wp-block-button__link\" href=\"https:\/\/www.canva.com\/design\/DAEP80CjYWk\/Q7SgzpjZSii4SREZjyB4Kw\/view?utm_content=DAEP80CjYWk&amp;utm_campaign=designshare&amp;utm_medium=link&amp;utm_source=publishsharelink\">T\u00e9l\u00e9charger la plaquette<\/a><\/div>\n<\/div>\n\n\n\n<figure class=\"wp-block-pullquote\">\r\n<blockquote>\r\n<h2 style=\"text-align: center;\"><strong>APRES LA 3EME<\/strong><\/h2>\r\n<\/blockquote>\r\n<\/figure>\n\n\n\n<div class=\"wp-block-media-text alignwide is-stacked-on-mobile\" style=\"grid-template-columns:38% auto\"><figure class=\"wp-block-media-text__media\"><img loading=\"lazy\" decoding=\"async\" width=\"284\" height=\"178\" src=\"http:\/\/gabeaumo.cluster005.ovh.net\/lycmet\/wp-content\/uploads\/2021\/01\/MA3.jpg\" alt=\"\" class=\"wp-image-179 size-full\"\/><\/figure><div class=\"wp-block-media-text__content\">\n<p>Vous aimez le travail du bois, le travail en \u00e9quipe., vous avez une bonne habilet\u00e9 manuelle. Vous avez le sens l&rsquo;organisation et vous \u00eates autonome.<\/p>\n\n\n\n<p>Pour vous aider dans votre choix, vous pouvez effectuer un mini stage de d\u00e9couverte pendant une demi-journ\u00e9e.<\/p>\n<\/div><\/div>\n\n\n\n<figure class=\"wp-block-pullquote\">\r\n<blockquote>\r\n<h2 style=\"text-align: center;\"><strong>PR\u00c9PARER\u00a0LE CAP ATMFC<\/strong><\/h2>\r\n<cite><strong>LA FORMATION<\/strong> (<strong>horaire 30h hebdo)<\/strong><\/cite><\/blockquote>\r\n<\/figure>\n\n\n\n<div class=\"wp-block-group\"><div class=\"wp-block-group__inner-container is-layout-flow wp-block-group-is-layout-flow\">\n<p class=\"has-text-align-center\"><strong>Enseignements professionnels<\/strong><\/p>\n\n\n\n<ul class=\"wp-block-list\"><li>Fabrication de menuiseries&nbsp; (pr\u00e9paration, usinage, montage, finition, suivi de fabrication et contr\u00f4le qualit\u00e9, maintenance)<\/li><li>Mise en oeuvre sur site (installation et mise en s\u00e9curit\u00e9 du chantier, pr\u00e9paration, montage et pose, d\u00e9sinstallation du chantier)<\/li><li>Technologie<\/li><li>Dessin professionnel<\/li><li>Pr\u00e9vention, s\u00e9curit\u00e9 et environnement<\/li><li>Secourisme<\/li><\/ul>\n<\/div><\/div>\n\n\n\n<p class=\"has-text-align-center\"><strong>Enseignements g\u00e9n\u00e9raux<\/strong><\/p>\n\n\n\n<div class=\"wp-block-media-text alignwide has-media-on-the-right is-stacked-on-mobile\" style=\"grid-template-columns:auto 43%\"><figure class=\"wp-block-media-text__media\"><img loading=\"lazy\" decoding=\"async\" width=\"275\" height=\"183\" src=\"http:\/\/gabeaumo.cluster005.ovh.net\/lycmet\/wp-content\/uploads\/2021\/01\/MA.jpg\" alt=\"\" class=\"wp-image-180 size-full\"\/><\/figure><div class=\"wp-block-media-text__content\">\n<ul class=\"wp-block-list\" id=\"block-a4192e8c-4ead-44d5-8944-485d736841e1\"><li>Fran\u00e7ais et histoire-g\u00e9ographie<\/li><li>Math\u00e9matiques \u2013 Sciences<\/li><li>Education civique et juridique<\/li><li>Arts appliqu\u00e9s<\/li><li>Education physique et sportive<\/li><li>Langue vivante<\/li><\/ul>\n<\/div><\/div>\n\n\n\n<p class=\"has-text-align-center\"><strong>Les p\u00e9riodes de formation en milieu professionnel<\/strong><\/p>\n\n\n\n<p>14 semaines dont :<\/p>\n\n\n\n<ul class=\"wp-block-list\"><li><strong>1 semaine<\/strong> pr\u00e9paration de stage;<\/li><li><strong>11 semaines<\/strong> maximum en structures collectives,<\/li><li><strong>2 semaines<\/strong> minimum au domicile des personnes.<\/li><\/ul>\n\n\n\n<figure class=\"wp-block-pullquote\">\r\n<blockquote>\r\n<h2 style=\"text-align: center;\"><strong>POURSUITES D\u2019\u00c9TUDES<\/strong><\/h2>\r\n<\/blockquote>\r\n<\/figure>\n\n\n\n<p class=\"has-text-align-center\"><strong><strong>CAP ou Mention compl\u00e9mentaire ou Bac pro ou Brevet professionnel<\/strong><\/strong><\/p>\n\n\n\n<ul class=\"wp-block-list\"><li>CAP Arts du bois option marqueteur<\/li><li>CAP Arts du bois option sculpteur ornemaniste<\/li><li>CAP Arts du bois option tourneur<\/li><li>CAP \u00c9b\u00e9niste<\/li><li>CAP Menuisier aluminium-verre<\/li><li>CAP Menuisier en si\u00e8ges<\/li><li>MC Parqueteur<\/li><li>MC Plaquiste<\/li><li>Bac pro Technicien constructeur bois<\/li><li>Bac pro Technicien de fabrication bois et mat\u00e9riaux associ\u00e9s<\/li><li>Bac pro Technicien menuisier-agenceur<\/li><li>BP Menuisier<\/li><li>BP Menuisier aluminium-verre<\/li><\/ul>\n\n\n\n<p class=\"has-text-align-center\"><strong>Vie active<\/strong><\/p>\n\n\n\n<ul class=\"wp-block-list\"><li>Machiniste constructeur ou plateau<\/li><li>Menuisier<\/li><\/ul>\n\n\n\n<figure class=\"wp-block-pullquote\">\r\n<blockquote>\r\n<h2 style=\"text-align: center;\"><strong>LE M\u00c9TIER<\/strong><\/h2>\r\n<\/blockquote>\r\n<\/figure>\n\n\n\n<div class=\"wp-block-media-text alignwide is-stacked-on-mobile\" style=\"grid-template-columns:33% auto\"><figure class=\"wp-block-media-text__media\"><img loading=\"lazy\" decoding=\"async\" width=\"259\" height=\"194\" src=\"http:\/\/gabeaumo.cluster005.ovh.net\/lycmet\/wp-content\/uploads\/2021\/01\/MA2.jpg\" alt=\"\" class=\"wp-image-181 size-full\"\/><\/figure><div class=\"wp-block-media-text__content\">\n<ul class=\"wp-block-list\"><li>La fabrication de mobilier<\/li><li>La pose et l\u2019installation d\u2019ouvrages : salle de bain, cuisine \u00e9quip\u00e9e, fen\u00eatres, portail<\/li><li>La construction de maisons en bois et de charpentes&#8230;<\/li><\/ul>\n<\/div><\/div>\n\n\n\n<p>L\u2019am\u00e9nagement int\u00e9rieur des bateaux, v\u00e9hicules am\u00e9nag\u00e9s, agencement de combles, fabrication de mod\u00e8les&#8230;. entrent dans le domaine de cette formation.<\/p>\n","protected":false},"excerpt":{"rendered":"<p>APRES LA 3EME Vous aimez le travail du bois, le travail en \u00e9quipe., vous avez une bonne habilet\u00e9 manuelle. Vous avez le sens l&rsquo;organisation et vous \u00eates autonome. Pour vous aider dans votre choix, vous pouvez effectuer un mini stage de d\u00e9couverte pendant une demi-journ\u00e9e. PR\u00c9PARER\u00a0LE CAP ATMFC LA FORMATION (horaire 30h hebdo) Enseignements professionnels&#8230;<\/p>\n","protected":false},"author":2,"featured_media":0,"parent":0,"menu_order":0,"comment_status":"closed","ping_status":"closed","template":"","meta":{"ngg_post_thumbnail":0,"footnotes":""},"class_list":["post-81","page","type-page","status-publish","hentry"],"_links":{"self":[{"href":"http:\/\/gabeaumo.cluster005.ovh.net\/lycmet\/wp-json\/wp\/v2\/pages\/81","targetHints":{"allow":["GET"]}}],"collection":[{"href":"http:\/\/gabeaumo.cluster005.ovh.net\/lycmet\/wp-json\/wp\/v2\/pages"}],"about":[{"href":"http:\/\/gabeaumo.cluster005.ovh.net\/lycmet\/wp-json\/wp\/v2\/types\/page"}],"author":[{"embeddable":true,"href":"http:\/\/gabeaumo.cluster005.ovh.net\/lycmet\/wp-json\/wp\/v2\/users\/2"}],"replies":[{"embeddable":true,"href":"http:\/\/gabeaumo.cluster005.ovh.net\/lycmet\/wp-json\/wp\/v2\/comments?post=81"}],"version-history":[{"count":14,"href":"http:\/\/gabeaumo.cluster005.ovh.net\/lycmet\/wp-json\/wp\/v2\/pages\/81\/revisions"}],"predecessor-version":[{"id":1307,"href":"http:\/\/gabeaumo.cluster005.ovh.net\/lycmet\/wp-json\/wp\/v2\/pages\/81\/revisions\/1307"}],"wp:attachment":[{"href":"http:\/\/gabeaumo.cluster005.ovh.net\/lycmet\/wp-json\/wp\/v2\/media?parent=81"}],"curies":[{"name":"wp","href":"https:\/\/api.w.org\/{rel}","templated":true}]}}